{"id":2154,"date":"2023-09-05T13:25:15","date_gmt":"2023-09-05T13:25:15","guid":{"rendered":"https:\/\/www.globalforumlac.org\/?post_type=event&#038;p=2154"},"modified":"2023-09-13T16:12:14","modified_gmt":"2023-09-13T16:12:14","slug":"jose-luis-vargas-valdez","status":"publish","type":"event","link":"https:\/\/www.globalforumlac.org\/2023\/event\/jose-luis-vargas-valdez\/","title":{"rendered":"Jose Luis Vargas Valdez"},"content":{"rendered":"<p>Es Licenciado en Derecho por el Instituto Tecnol\u00f3gico Aut\u00f3nomo de M\u00e9xico (ITAM) y Maestro en Derecho P\u00fablico por la Universidad Pompeu Fabra de Barcelona, Espa\u00f1a. Cuenta con estudios doctorales en Derecho P\u00fablico con especialidad en Derecho Constitucional por la misma instituci\u00f3n. Su desarrollo profesional ha estado estrechamente vinculado al derecho electoral, constitucional y administrativo.<\/p>\n<p>El 4 de noviembre de 2016 fue designado Magistrado de la Sala Superior del Tribunal Electoral del Poder Judicial de la Federaci\u00f3n, en donde, adem\u00e1s de su labor jurisdiccional, ha tenido el encargo de impulsar y fortalecer la vinculaci\u00f3n internacional del Tribunal y los programas acad\u00e9micos ofrecidos por la Escuela Judicial Electoral y preside la Comisi\u00f3n de Administraci\u00f3n. Desde el 4 de noviembre de 2020, se desempe\u00f1a como Magistrado Presidente de la Sala Superior del Tribunal Electoral.<\/p>\n<p>En el \u00e1mbito internacional, fue Consultor Senior en temas de delitos electorales y resoluci\u00f3n de controversias legales para la Organizaci\u00f3n de Estados Americanos y ha participado en diversas misiones de observaci\u00f3n electoral. Adem\u00e1s, como Magistrado Electoral, fund\u00f3 la Red Mundial de Justicia Electoral y es miembro de la Comisi\u00f3n de Venecia del Consejo de Europa. Entre otros estudios y opiniones de las que ha sido relator, destacan los \u201cPrincipios para el uso de tecnolog\u00edas digitales en procesos electorales, conforme a derechos fundamentales\u201d, aprobados durante la sesi\u00f3n plenaria de diciembre de 2020.<\/p>","protected":false},"excerpt":{"rendered":"<p>Miembro de la Comisi\u00f3n de Venecia<\/p>\n","protected":false},"author":1,"featured_media":2183,"menu_order":0,"template":"","meta":[],"event_cat":[],"_links":{"self":[{"href":"https:\/\/www.globalforumlac.org\/2023\/wp-json\/wp\/v2\/event\/2154"}],"collection":[{"href":"https:\/\/www.globalforumlac.org\/2023\/wp-json\/wp\/v2\/event"}],"about":[{"href":"https:\/\/www.globalforumlac.org\/2023\/wp-json\/wp\/v2\/types\/event"}],"author":[{"embeddable":true,"href":"https:\/\/www.globalforumlac.org\/2023\/wp-json\/wp\/v2\/users\/1"}],"wp:featuredmedia":[{"embeddable":true,"href":"https:\/\/www.globalforumlac.org\/2023\/wp-json\/wp\/v2\/media\/2183"}],"wp:attachment":[{"href":"https:\/\/www.globalforumlac.org\/2023\/wp-json\/wp\/v2\/media?parent=2154"}],"wp:term":[{"taxonomy":"event_cat","embeddable":true,"href":"https:\/\/www.globalforumlac.org\/2023\/wp-json\/wp\/v2\/event_cat?post=2154"}],"curies":[{"name":"wp","href":"https:\/\/api.w.org\/{rel}","templated":true}]}}