{"id":2200,"date":"2023-09-13T16:15:30","date_gmt":"2023-09-13T16:15:30","guid":{"rendered":"https:\/\/www.globalforumlac.org\/?post_type=event&#038;p=2200"},"modified":"2023-09-18T14:09:24","modified_gmt":"2023-09-18T14:09:24","slug":"mario-baez","status":"publish","type":"event","link":"https:\/\/www.globalforumlac.org\/2023\/event\/mario-baez\/","title":{"rendered":"Mario Baez"},"content":{"rendered":"<p>Tiene dos maestr\u00edas, una en Econom\u00eda Agr\u00edcola y otra en Elecciones y Gesti\u00f3n de Campa\u00f1as de las universidades estadounidenses. Tambi\u00e9n tiene varios certificados de universidades chilenas y estadounidenses; y es autor de m\u00faltiples publicaciones e informes relacionados con el sistema de rendici\u00f3n de cuentas, y de los informes del Secretario General de las Naciones Unidas en respuesta a los preparados por la Junta de Auditores de las Naciones Unidas (UNBOA).<\/p>\n<p>Comenz\u00f3 su carrera y fue economista en la Rep\u00fablica Dominicana, donde ocup\u00f3 varios cargos, entre ellos Jefe de la Unidad de Coordinaci\u00f3n del Gobierno Dominicano\/Agencia de los Estados Unidos para el Desarrollo Internacional (USAID); y Especialista de Programas en USAID, entre otros.<\/p>\n<p>Luego se traslad\u00f3 a la Comisi\u00f3n Econ\u00f3mica de las Naciones Unidas para Am\u00e9rica Latina y el Caribe (CEPAL) &#8211; Santiago Chile en 1990; y ocup\u00f3 diferentes cargos en la CEPAL entre Chile y M\u00e9xico. Su \u00faltimo cargo en la CEPAL fue Director de la Divisi\u00f3n de Programas, Planificaci\u00f3n y Operaciones (PPOD) en Santiago de Chile, donde permaneci\u00f3 hasta 2009.<\/p>\n<p>Desde 2009, ha desempe\u00f1ado dos funciones: la Secretar\u00eda de la ONU en Nueva York. El primero como Jefe del Servicio de Coordinaci\u00f3n de Pol\u00edticas y Supervisi\u00f3n (POCS) y el segundo como Jefe del Servicio de Rendici\u00f3n de Cuentas (AS) en el Departamento de Gesti\u00f3n (DM) y el Departamento de Estrategia, Pol\u00edtica y Cumplimiento de Gesti\u00f3n (DMSPC), respectivamente.<\/p>\n<p>Sus funciones actuales incluyen, entre otras, trabajar en el fortalecimiento del sistema de rendici\u00f3n de cuentas en las Naciones Unidas mediante la incorporaci\u00f3n de una cultura de rendici\u00f3n de cuentas a trav\u00e9s del fortalecimiento continuo de sus elementos constitutivos y c\u00f3mo se relacionan con los valores b\u00e1sicos generales de la Organizaci\u00f3n y las normas \u00e9ticas. Tambi\u00e9n supervisa la preparaci\u00f3n de los informes anuales sobre la marcha de los trabajos sobre la evoluci\u00f3n de los sistemas de rendici\u00f3n de cuentas de la Secretar\u00eda de las Naciones Unidas en respuesta a los nuevos desaf\u00edos.<\/p>","protected":false},"excerpt":{"rendered":"<p>Jefe del Servicio de Coordinaci\u00f3n de Pol\u00edticas y Supervisi\u00f3n de las Naciones Unidas<\/p>\n","protected":false},"author":1,"featured_media":2201,"menu_order":0,"template":"","meta":[],"event_cat":[],"_links":{"self":[{"href":"https:\/\/www.globalforumlac.org\/2023\/wp-json\/wp\/v2\/event\/2200"}],"collection":[{"href":"https:\/\/www.globalforumlac.org\/2023\/wp-json\/wp\/v2\/event"}],"about":[{"href":"https:\/\/www.globalforumlac.org\/2023\/wp-json\/wp\/v2\/types\/event"}],"author":[{"embeddable":true,"href":"https:\/\/www.globalforumlac.org\/2023\/wp-json\/wp\/v2\/users\/1"}],"wp:featuredmedia":[{"embeddable":true,"href":"https:\/\/www.globalforumlac.org\/2023\/wp-json\/wp\/v2\/media\/2201"}],"wp:attachment":[{"href":"https:\/\/www.globalforumlac.org\/2023\/wp-json\/wp\/v2\/media?parent=2200"}],"wp:term":[{"taxonomy":"event_cat","embeddable":true,"href":"https:\/\/www.globalforumlac.org\/2023\/wp-json\/wp\/v2\/event_cat?post=2200"}],"curies":[{"name":"wp","href":"https:\/\/api.w.org\/{rel}","templated":true}]}}