{"id":645,"date":"2021-08-17T12:25:33","date_gmt":"2021-08-17T12:25:33","guid":{"rendered":"https:\/\/www.globalforumlac.org\/?post_type=event&#038;p=645"},"modified":"2023-09-13T16:04:06","modified_gmt":"2023-09-13T16:04:06","slug":"kevin-casas-zamora","status":"publish","type":"event","link":"https:\/\/www.globalforumlac.org\/2023\/event\/kevin-casas-zamora\/","title":{"rendered":"Kevin Casas-Zamora"},"content":{"rendered":"<p>Kevin Casas-Zamora, PhD es el secretario general de IDEA Internacional desde el 1 de agosto de 2019.<\/p>\n<p>Casas-Zamora cuenta con m\u00e1s de 25 a\u00f1os de experiencia en gobernabilidad democr\u00e1tica como investigador, analista, educador, consultor y funcionario p\u00fablico. Encarna la rara combinaci\u00f3n de una distinguida carrera acad\u00e9mica, fuertemente centrada en los sistemas electorales y las instituciones democr\u00e1ticas, con experiencia pr\u00e1ctica como funcionario p\u00fablico de alto nivel en su pa\u00eds de origen, as\u00ed como en organizaciones multilaterales.<\/p>\n<p>Casas-Zamora es miembro principal de Di\u00e1logo Interamericano, un centro de investigaci\u00f3n de pol\u00edticas con sede en Washington, DC. Hasta hace poco, era miembro de la Comisi\u00f3n Presidencial para la Reforma del Estado de Costa Rica y director gerente de Analitica Consulting (Analitica Consultores). Anteriormente, fue el segundo vicepresidente y ministro de Planificaci\u00f3n Nacional de Costa Rica; secretario de Asuntos Pol\u00edticos de la Organizaci\u00f3n de los Estados Americanos; miembro principal de la Brookings Institution; y coordinador nacional del Informe sobre Desarrollo Humano del Programa de las Naciones Unidas para el Desarrollo.<\/p>\n<p>Ha ense\u00f1ado en la Universidad de Georgetown, la Universidad de George Washington y la Universidad de Texas en Dallas, entre muchas instituciones de educaci\u00f3n superior.<\/p>\n<p>Tiene una licenciatura en Derecho de la Universidad de Costa Rica, una maestr\u00eda en Gobierno de la Universidad de Essex y un doctorado en Ciencias Pol\u00edticas de la Universidad de Oxford. Es autor de varios estudios sobre financiamiento de campa\u00f1as, elecciones, democratizaci\u00f3n, seguridad ciudadana y relaciones civil-militares en Am\u00e9rica Latina. Su tesis doctoral, titulada \u00abPagando por la democracia en Am\u00e9rica Latina: financiamiento pol\u00edtico y subsidios estatales para partidos en Costa Rica y Uruguay\u00bb, gan\u00f3 el Premio Jean Blondel PhD 2004 del Consorcio Europeo para la Investigaci\u00f3n Pol\u00edtica (ECPR) y fue publicado en 2005 por El ECPR. Fue seleccionado como Joven L\u00edder Global por el Foro Econ\u00f3mico Mundial en 2007. En 2013, se convirti\u00f3 en miembro del Comit\u00e9 de Bretton Woods.<\/p>","protected":false},"excerpt":{"rendered":"<p>Ex Segundo Vicepresidente de Costa Rica; Secretario general de IDEA Internacional desde el 1 de agosto de 2019<\/p>\n","protected":false},"author":1,"featured_media":2192,"menu_order":0,"template":"single-event.php","meta":[],"event_cat":[],"_links":{"self":[{"href":"https:\/\/www.globalforumlac.org\/2023\/wp-json\/wp\/v2\/event\/645"}],"collection":[{"href":"https:\/\/www.globalforumlac.org\/2023\/wp-json\/wp\/v2\/event"}],"about":[{"href":"https:\/\/www.globalforumlac.org\/2023\/wp-json\/wp\/v2\/types\/event"}],"author":[{"embeddable":true,"href":"https:\/\/www.globalforumlac.org\/2023\/wp-json\/wp\/v2\/users\/1"}],"wp:featuredmedia":[{"embeddable":true,"href":"https:\/\/www.globalforumlac.org\/2023\/wp-json\/wp\/v2\/media\/2192"}],"wp:attachment":[{"href":"https:\/\/www.globalforumlac.org\/2023\/wp-json\/wp\/v2\/media?parent=645"}],"wp:term":[{"taxonomy":"event_cat","embeddable":true,"href":"https:\/\/www.globalforumlac.org\/2023\/wp-json\/wp\/v2\/event_cat?post=645"}],"curies":[{"name":"wp","href":"https:\/\/api.w.org\/{rel}","templated":true}]}}