{"id":2,"date":"2018-09-03T21:46:05","date_gmt":"2018-09-03T21:46:05","guid":{"rendered":"https:\/\/www.globalforumlac.org\/?page_id=2"},"modified":"2023-08-25T20:38:45","modified_gmt":"2023-08-25T20:38:45","slug":"sobre-la-iniciativa","status":"publish","type":"page","link":"https:\/\/www.globalforumlac.org\/2023\/sobre-la-iniciativa\/","title":{"rendered":"Visi\u00f3n"},"content":{"rendered":"<p>El ritmo de la evoluci\u00f3n de la humanidad acarrea un conjunto de desaf\u00edos derivados de los constantes cambios que afrontan nuestras sociedades. En tal contexto, como centros de estudios, investigaciones y pensamientos, nos sentimos altamente comprometidos en incentivar la creaci\u00f3n de ideas y promover nuevas pr\u00e1cticas, que permitan que las sociedades de nuestra regi\u00f3n sean m\u00e1s inclusivas, con mayor acceso a la informaci\u00f3n y la generaci\u00f3n de conocimiento.<\/p>\n<p>El objetivo principal de esta iniciativa es promover un espacio de debate y ofrecer una plataforma pluralista para el intercambio de ideas, discusi\u00f3n y an\u00e1lisis del papel actual de Am\u00e9rica Latina y el Caribe en el escenario mundial, as\u00ed como sus implicaciones y desaf\u00edos, en momentos de gran incertidumbre a ra\u00edz de la crisis geopol\u00edtica y econ\u00f3mica global.<\/p>\n<p>El proceso continuo de integraci\u00f3n en Am\u00e9rica Latina y el Caribe y el creciente papel de la regi\u00f3n como socio comercial, pol\u00edtico y estrat\u00e9gico en el actual orden mundial, son temas de especial relevancia para ser discutidos.<\/p>\n<p>En adici\u00f3n, abordaremos los efectos de los eventos geopol\u00edticos mundiales en los procesos electorales de la regi\u00f3n, con especial atenci\u00f3n a las tendencias y ciclos que se van creando.<\/p>\n<p>Este a\u00f1o, adem\u00e1s, no podemos dejar de lado el avance agigantado de las tecnolog\u00edas de inteligencia artificial, las cuales dejar\u00e1n su marca, tanto en el mundo como en nuestra regi\u00f3n, en los \u00e1mbitos de la econom\u00eda, las relaciones de poder, el desarrollo o retroceso de las democracias y la sociedad.<\/p>\n<p>Esta iniciativa pretende reunir a destacados representantes de los principales centros de pensamiento dedicados al estudio de las din\u00e1micas de la regi\u00f3n, para dialogar y formular propuestas que coadyuven al desarrollo con equidad.<\/p>\n<p>El evento tendr\u00e1 lugar paralelamente al Per\u00edodo Anual de Sesi\u00f3n Ordinaria de la Asamblea General de las Naciones Unidas, en la ciudad de Nueva York, en el Union League Club, los d\u00edas 21 y 22 de septiembre del 2023, y est\u00e1 dirigido a acad\u00e9micos y personalidades de las esferas pol\u00edticas, econ\u00f3micas y sociales de la regi\u00f3n.<\/p>","protected":false},"excerpt":{"rendered":"<p>El ritmo de la evoluci\u00f3n de la humanidad acarrea un conjunto de desaf\u00edos derivados de los constantes cambios que afrontan nuestras sociedades. En tal contexto, como centros de estudios, investigaciones y pensamientos, nos sentimos altamente comprometidos en incentivar la creaci\u00f3n de ideas y promover nuevas pr\u00e1cticas, que permitan que las sociedades de nuestra regi\u00f3n sean &hellip; <a href=\"https:\/\/www.globalforumlac.org\/2023\/sobre-la-iniciativa\/\" class=\"more-link\">Continuar leyendo<span class=\"screen-reader-text\"> \u00abVisi\u00f3n\u00bb<\/span><\/a><\/p>\n","protected":false},"author":1,"featured_media":0,"parent":0,"menu_order":0,"comment_status":"closed","ping_status":"open","template":"","meta":[],"_links":{"self":[{"href":"https:\/\/www.globalforumlac.org\/2023\/wp-json\/wp\/v2\/pages\/2"}],"collection":[{"href":"https:\/\/www.globalforumlac.org\/2023\/wp-json\/wp\/v2\/pages"}],"about":[{"href":"https:\/\/www.globalforumlac.org\/2023\/wp-json\/wp\/v2\/types\/page"}],"author":[{"embeddable":true,"href":"https:\/\/www.globalforumlac.org\/2023\/wp-json\/wp\/v2\/users\/1"}],"replies":[{"embeddable":true,"href":"https:\/\/www.globalforumlac.org\/2023\/wp-json\/wp\/v2\/comments?post=2"}],"version-history":[{"count":8,"href":"https:\/\/www.globalforumlac.org\/2023\/wp-json\/wp\/v2\/pages\/2\/revisions"}],"predecessor-version":[{"id":2137,"href":"https:\/\/www.globalforumlac.org\/2023\/wp-json\/wp\/v2\/pages\/2\/revisions\/2137"}],"wp:attachment":[{"href":"https:\/\/www.globalforumlac.org\/2023\/wp-json\/wp\/v2\/media?parent=2"}],"curies":[{"name":"wp","href":"https:\/\/api.w.org\/{rel}","templated":true}]}}